{"id":9747,"date":"2013-02-01T20:04:18","date_gmt":"2013-02-01T20:04:18","guid":{"rendered":"https:\/\/www.mccallumsather.com\/projects\/hopital-regional-de-readaptation-et-des-lesions-cerebrales-acquises\/"},"modified":"2026-02-17T17:44:42","modified_gmt":"2026-02-17T17:44:42","slug":"hopital-regional-de-readaptation-et-des-lesions-cerebrales-acquises","status":"publish","type":"project","link":"https:\/\/www.mccallumsather.com\/fr\/projects\/hopital-regional-de-readaptation-et-des-lesions-cerebrales-acquises\/","title":{"rendered":"H\u00f4pital r\u00e9gional de r\u00e9adaptation et des l\u00e9sions c\u00e9r\u00e9brales acquises"},"content":{"rendered":"\n<div class=\"wp-block-cover mcs_fullwidth\" style=\"min-height:600px;aspect-ratio:unset;\"><span aria-hidden=\"true\" class=\"wp-block-cover__background has-background-dim\" style=\"background-color:#00000000\"><\/span><img loading=\"lazy\" decoding=\"async\" width=\"2560\" height=\"1921\" src=\"https:\/\/www.mccallumsather.com\/wp-content\/uploads\/2013\/02\/HHS-Rehab-Hosp-2009_006-scaled.jpg\" class=\"wp-block-cover__image-background wp-post-image\" alt=\"\" data-object-fit=\"cover\" data-object-position=\"47% 53%\" style=\"object-position:47% 53%;\" srcset=\"https:\/\/www.mccallumsather.com\/wp-content\/uploads\/2013\/02\/HHS-Rehab-Hosp-2009_006-scaled.jpg 2560w, https:\/\/www.mccallumsather.com\/wp-content\/uploads\/2013\/02\/HHS-Rehab-Hosp-2009_006-1024x769.jpg 1024w, https:\/\/www.mccallumsather.com\/wp-content\/uploads\/2013\/02\/HHS-Rehab-Hosp-2009_006-300x225.jpg 300w, https:\/\/www.mccallumsather.com\/wp-content\/uploads\/2013\/02\/HHS-Rehab-Hosp-2009_006-768x576.jpg 768w, https:\/\/www.mccallumsather.com\/wp-content\/uploads\/2013\/02\/HHS-Rehab-Hosp-2009_006-50x38.jpg 50w, https:\/\/www.mccallumsather.com\/wp-content\/uploads\/2013\/02\/HHS-Rehab-Hosp-2009_006-1600x1201.jpg 1600w, https:\/\/www.mccallumsather.com\/wp-content\/uploads\/2013\/02\/HHS-Rehab-Hosp-2009_006-1536x1153.jpg 1536w, https:\/\/www.mccallumsather.com\/wp-content\/uploads\/2013\/02\/HHS-Rehab-Hosp-2009_006-2048x1537.jpg 2048w\" sizes=\"auto, (max-width: 2560px) 100vw, 2560px\" \/><div class=\"wp-block-cover__inner-container is-layout-constrained wp-container-core-cover-is-layout-70165e62 wp-block-cover-is-layout-constrained\">\n<p class=\"has-text-align-center has-large-font-size\"><\/p>\n<\/div><\/div>\n\n<div style=\"height:100px\" aria-hidden=\"true\" class=\"wp-block-spacer\"><\/div>\n\n<p class=\"has-xxxl-font-size\">Sciences de la sant\u00e9 de Hamilton<\/p>\n\n<h1 class=\"wp-block-heading\" style=\"font-size:3rem\">H\u00f4pital r\u00e9gional de r\u00e9adaptation et des l\u00e9sions c\u00e9r\u00e9brales acquises<\/h1>\n\n<div style=\"height:70px\" aria-hidden=\"true\" class=\"wp-block-spacer\"><\/div>\n\n<div class=\"wp-block-columns is-layout-flex wp-container-core-columns-is-layout-9d6595d7 wp-block-columns-is-layout-flex\">\n<div class=\"wp-block-column is-layout-flow wp-block-column-is-layout-flow\">\n<h3 class=\"wp-block-heading has-gray-color has-text-color has-link-color wp-elements-d865870b4a7972675c64e79169d6d6d6\"><strong>Opportunit\u00e9<\/strong><\/h3>\n\n\n\n<div style=\"height:30px\" aria-hidden=\"true\" class=\"wp-block-spacer\"><\/div>\n\n\n\n<p>Hamilton Health Sciences agrandissait son campus de l\u2019H\u00f4pital g\u00e9n\u00e9ral d\u2019Hamilton avec un nouvel h\u00f4pital destin\u00e9 \u00e0 fournir des soins sp\u00e9cialis\u00e9s aux patients se r\u00e9tablissant de l\u00e9sions c\u00e9r\u00e9brales acquises et n\u00e9cessitant une r\u00e9adaptation. Face \u00e0 des contraintes financi\u00e8res, l\u2019un des objectifs \u00e9tait de r\u00e9duire un programme fonctionnel initial afin de l\u2019aligner sur son budget, et de fournir des soins ambulatoires, des zones th\u00e9rapeutiques, des services d\u2019orth\u00e8ses et de proth\u00e8ses, ainsi que des services de soutien aux patients hospitalis\u00e9s et externes. <\/p>\n<\/div>\n<\/div>\n\n<div style=\"height:23px\" aria-hidden=\"true\" class=\"wp-block-spacer\"><\/div>\n\n<div class=\"wp-block-columns is-layout-flex wp-container-core-columns-is-layout-9d6595d7 wp-block-columns-is-layout-flex\">\n<div class=\"wp-block-column is-vertically-aligned-center is-layout-flow wp-block-column-is-layout-flow\">\t<style>\n\t\t.mini_slider .splide__slide { \n\t\t\theight:300px; width:100%;\n\t\t\tmargin-bottom:40px; \n\t\t\tbackground-repeat:no-repeat;\n\t\t\tbackground-size:cover;\n\t\t\tbackground-position:center;\n\t\t}\n\t\t.mini_slider .splide__pagination__page { background-color:var(--mcs-grey-lt); border:2px solid #0000; height:10px; width:10px; }\n\t\t.mini_slider .splide__pagination__page.is-active { background-color:#FFFFFF; border:2px solid var(--mcs-green); }\n\t\t.mini_slider .splide__track { padding-left:0px!important;}\n\t\t@media ( max-width: 788px ) {\n\t\t\t.splide__pagination { bottom: 0 !important; }\n\t\t\t.splide__pagination.splide__pagination--ltr li { margin-left: 1.5rem !important; }\n\t\t\t.splide__pagination.splide__pagination--ltr li button { height: 13px; width: 13px; }\n\t\t}\n\t<\/style>\n\t<div id=\"splide_69f5488452e08\" class=\"mini_slider\">\n\t\t<div class=\"splide\" role=\"group\" aria-label=\"Splide Basic HTML Example\">\n\t\t  \t<div class=\"splide__track\">\n\t\t\t\t<ul class=\"splide__list\">\n\t\t\t\t\t\t\t\t\t\t\t\t\t\t\t\t<li class=\"splide__slide\" style=\"background-image:url(https:\/\/www.mccallumsather.com\/wp-content\/uploads\/2013\/02\/HHS-Rehab-Hosp-2009_003-scaled.jpg);\"><\/li>\n\t\t\t\t\t\t\t\t\t\t\t\t\t\t\t\t<li class=\"splide__slide\" style=\"background-image:url(https:\/\/www.mccallumsather.com\/wp-content\/uploads\/2013\/02\/HHS-Rehab-Hosp-2009_005-scaled.jpg);\"><\/li>\n\t\t\t\t\t\t\t\t\t\t\t\t\t\t\t\t<li class=\"splide__slide\" style=\"background-image:url(https:\/\/www.mccallumsather.com\/wp-content\/uploads\/2013\/02\/HHS-Rehab-Hosp-2009_007-scaled.jpg);\"><\/li>\n\t\t\t\t\t\t\t\t\t\t\t\t\t\t\t\t<li class=\"splide__slide\" style=\"background-image:url(https:\/\/www.mccallumsather.com\/wp-content\/uploads\/2013\/02\/HHS-Rehab-Hosp-2009_002-scaled.jpg);\"><\/li>\n\t\t\t\t\t\t\t\t\t\t\t\t\t\t\t\t<li class=\"splide__slide\" style=\"background-image:url(https:\/\/www.mccallumsather.com\/wp-content\/uploads\/2013\/02\/HHS-Rehab-Hosp-2009_001-scaled.jpg);\"><\/li>\n\t\t\t\t\t\t\t\t\t<\/ul>\n\t\t  \t<\/div>\n\t\t<\/div>\n\t<\/div>\n\t<script>\n\t\tdocument.addEventListener( 'DOMContentLoaded', function() {\n\t\t\tvar splide = new Splide( '#splide_69f5488452e08 .splide', {\n\t\t\t\tpagination : true,\n\t\t\t\ttype: 'loop',\n\t\t\t\tgap : 0,\n\t\t\t\tarrows: false,\n\t\t\t\tperPage: 1,\n\t\t\t\tautoplay:true,\n\t\t\t\tinterval:3000\n\t\t\t} );\n\t\t    splide.mount();\n\t\t  } );\n\t<\/script>\n\t<\/div>\n\n\n\n<div class=\"wp-block-column is-layout-flow wp-block-column-is-layout-flow\">\n<h3 class=\"wp-block-heading has-gray-color has-text-color has-link-color wp-elements-5dd5e0c97fc20d02628cddf0d98a7863\"><strong>R\u00e9ponse<\/strong><\/h3>\n\n\n\n<div style=\"height:30px\" aria-hidden=\"true\" class=\"wp-block-spacer\"><\/div>\n\n\n\n<p>Situ\u00e9 sur un ancien site industriel abandonn\u00e9, le design r\u00e9pond \u00e0 son environnement urbain, notamment un jardin sensoriel sp\u00e9cialement con\u00e7u pour les besoins uniques de ses patients et une passerelle a\u00e9rienne reliant l\u2019H\u00f4pital g\u00e9n\u00e9ral d\u2019Hamilton \u00e0 la nouvelle structure. Gr\u00e2ce \u00e0 l\u2019engagement des parties prenantes, le programme a \u00e9t\u00e9 judicieusement r\u00e9duit de 150\u202f000 pi\u00b2 \u00e0 100\u202f000 pi\u00b2, r\u00e9solvant les plans d\u2019ensemble pour les relations d\u2019empilement horizontal et vertical de tous les services qui d\u00e9m\u00e9nagent dans le nouvel h\u00f4pital. Le gymnase de r\u00e9adaptation et les zones de physioth\u00e9rapie permettent aux patients de r\u00e9apprendre les comp\u00e9tences de base de la vie, telles que marcher, manger et parler. Les solutions ont privil\u00e9gi\u00e9 la lumi\u00e8re naturelle avec des \u00e9l\u00e9ments de design adapt\u00e9s \u00e0 la fa\u00e7on dont les patients se d\u00e9placent et interagissent avec l\u2019environnement.     <\/p>\n<\/div>\n<\/div>\n","protected":false},"featured_media":9748,"parent":0,"template":"","meta":{"_project_facts":"[{\"title\":\"March\\u00e9s\",\"content\":\"<p><a href=\\\"https:\\\/\\\/www.mccallumsather.com\\\/projects\\\/healthcare\\\/\\\">Sant\\u00e9<\\\/a><\\\/p>\"},{\"title\":\"Services\",\"content\":\"<p><a href=\\\"https:\\\/\\\/www.mccallumsather.com\\\/projects\\\/architecture\\\/\\\">Architecture<\\\/a><\\\/p>\"},{\"title\":\"Emplacement\",\"content\":\"<p>Hamilton, Ontario<\\\/p>\"},{\"title\":\"Taille\",\"content\":\"<p>100 000 pi\\u00b2 <\\\/p>\"}]","_project_team_leads":"[\"1411\",\"75\"]","_project_partners_consultants":"<h5 class=\"p1\"><span class=\"s1\">PARTENAIRES<\/span><\/h5>\n<p class=\"p1\"><a href=\"http:\/\/www.parkin.ca\/\" target=\"_blank\" rel=\"noopener\">Parkin Architects (en association avec)<\/a><\/p>","_project_related_projects":"[\"979\",\"972\",\"1018\",\"985\",\"981\"]","_feature_in_carousels":false,"footnotes":""},"categories":[418,425],"tags":[420,429,453,436,430],"class_list":["post-9747","project","type-project","status-publish","has-post-thumbnail","hentry","category-architecture","category-sante","tag-architecture","tag-joanne-mccallum","tag-michelle-austin","tag-parkin-architects","tag-sante"],"yoast_head":"<!-- This site is optimized with the Yoast SEO plugin v26.7 - https:\/\/yoast.com\/wordpress\/plugins\/seo\/ -->\n<title>H\u00f4pital r\u00e9gional de r\u00e9adaptation et des l\u00e9sions c\u00e9r\u00e9brales acquises - mcCallumSather<\/title>\n<meta name=\"robots\" content=\"index, follow, max-snippet:-1, max-image-preview:large, max-video-preview:-1\" \/>\n<link rel=\"canonical\" href=\"https:\/\/www.mccallumsather.com\/fr\/projects\/hopital-regional-de-readaptation-et-des-lesions-cerebrales-acquises\/\" \/>\n<meta property=\"og:locale\" content=\"fr_FR\" \/>\n<meta property=\"og:type\" content=\"article\" \/>\n<meta property=\"og:title\" content=\"H\u00f4pital r\u00e9gional de r\u00e9adaptation et des l\u00e9sions c\u00e9r\u00e9brales acquises - mcCallumSather\" \/>\n<meta property=\"og:description\" content=\"Sciences de la sant\u00e9 de Hamilton H\u00f4pital r\u00e9gional de r\u00e9adaptation et des l\u00e9sions c\u00e9r\u00e9brales acquises Opportunit\u00e9 Hamilton Health Sciences agrandissait son campus de l\u2019H\u00f4pital g\u00e9n\u00e9ral d\u2019Hamilton avec un nouvel h\u00f4pital destin\u00e9 \u00e0 fournir des soins sp\u00e9cialis\u00e9s aux patients se r\u00e9tablissant de l\u00e9sions c\u00e9r\u00e9brales acquises et n\u00e9cessitant une r\u00e9adaptation. Face \u00e0 des contraintes financi\u00e8res, l\u2019un des [&hellip;]\" \/>\n<meta property=\"og:url\" content=\"https:\/\/www.mccallumsather.com\/fr\/projects\/hopital-regional-de-readaptation-et-des-lesions-cerebrales-acquises\/\" \/>\n<meta property=\"og:site_name\" content=\"mcCallumSather\" \/>\n<meta property=\"article:modified_time\" content=\"2026-02-17T17:44:42+00:00\" \/>\n<meta property=\"og:image\" content=\"https:\/\/www.mccallumsather.com\/wp-content\/uploads\/2013\/02\/HHS-Rehab-Hosp-2009_006-scaled.jpg\" \/>\n\t<meta property=\"og:image:width\" content=\"2560\" \/>\n\t<meta property=\"og:image:height\" content=\"1921\" \/>\n\t<meta property=\"og:image:type\" content=\"image\/jpeg\" \/>\n<meta name=\"twitter:card\" content=\"summary_large_image\" \/>\n<meta name=\"twitter:label1\" content=\"Dur\u00e9e de lecture estim\u00e9e\" \/>\n\t<meta name=\"twitter:data1\" content=\"1 minute\" \/>\n<script type=\"application\/ld+json\" class=\"yoast-schema-graph\">{\"@context\":\"https:\/\/schema.org\",\"@graph\":[{\"@type\":\"WebPage\",\"@id\":\"https:\/\/www.mccallumsather.com\/fr\/projects\/hopital-regional-de-readaptation-et-des-lesions-cerebrales-acquises\/\",\"url\":\"https:\/\/www.mccallumsather.com\/fr\/projects\/hopital-regional-de-readaptation-et-des-lesions-cerebrales-acquises\/\",\"name\":\"H\u00f4pital r\u00e9gional de r\u00e9adaptation et des l\u00e9sions c\u00e9r\u00e9brales acquises - mcCallumSather\",\"isPartOf\":{\"@id\":\"https:\/\/www.mccallumsather.com\/fr\/#website\"},\"primaryImageOfPage\":{\"@id\":\"https:\/\/www.mccallumsather.com\/fr\/projects\/hopital-regional-de-readaptation-et-des-lesions-cerebrales-acquises\/#primaryimage\"},\"image\":{\"@id\":\"https:\/\/www.mccallumsather.com\/fr\/projects\/hopital-regional-de-readaptation-et-des-lesions-cerebrales-acquises\/#primaryimage\"},\"thumbnailUrl\":\"https:\/\/www.mccallumsather.com\/wp-content\/uploads\/2013\/02\/HHS-Rehab-Hosp-2009_006-scaled.jpg\",\"datePublished\":\"2013-02-01T20:04:18+00:00\",\"dateModified\":\"2026-02-17T17:44:42+00:00\",\"breadcrumb\":{\"@id\":\"https:\/\/www.mccallumsather.com\/fr\/projects\/hopital-regional-de-readaptation-et-des-lesions-cerebrales-acquises\/#breadcrumb\"},\"inLanguage\":\"fr-FR\",\"potentialAction\":[{\"@type\":\"ReadAction\",\"target\":[\"https:\/\/www.mccallumsather.com\/fr\/projects\/hopital-regional-de-readaptation-et-des-lesions-cerebrales-acquises\/\"]}]},{\"@type\":\"ImageObject\",\"inLanguage\":\"fr-FR\",\"@id\":\"https:\/\/www.mccallumsather.com\/fr\/projects\/hopital-regional-de-readaptation-et-des-lesions-cerebrales-acquises\/#primaryimage\",\"url\":\"https:\/\/www.mccallumsather.com\/wp-content\/uploads\/2013\/02\/HHS-Rehab-Hosp-2009_006-scaled.jpg\",\"contentUrl\":\"https:\/\/www.mccallumsather.com\/wp-content\/uploads\/2013\/02\/HHS-Rehab-Hosp-2009_006-scaled.jpg\",\"width\":2560,\"height\":1921},{\"@type\":\"BreadcrumbList\",\"@id\":\"https:\/\/www.mccallumsather.com\/fr\/projects\/hopital-regional-de-readaptation-et-des-lesions-cerebrales-acquises\/#breadcrumb\",\"itemListElement\":[{\"@type\":\"ListItem\",\"position\":1,\"name\":\"Home\",\"item\":\"https:\/\/www.mccallumsather.com\/fr\/accueil\/\"},{\"@type\":\"ListItem\",\"position\":2,\"name\":\"H\u00f4pital r\u00e9gional de r\u00e9adaptation et des l\u00e9sions c\u00e9r\u00e9brales acquises\"}]},{\"@type\":\"WebSite\",\"@id\":\"https:\/\/www.mccallumsather.com\/fr\/#website\",\"url\":\"https:\/\/www.mccallumsather.com\/fr\/\",\"name\":\"mcCallumSather\",\"description\":\"\",\"publisher\":{\"@id\":\"https:\/\/www.mccallumsather.com\/fr\/#organization\"},\"potentialAction\":[{\"@type\":\"SearchAction\",\"target\":{\"@type\":\"EntryPoint\",\"urlTemplate\":\"https:\/\/www.mccallumsather.com\/fr\/?s={search_term_string}\"},\"query-input\":{\"@type\":\"PropertyValueSpecification\",\"valueRequired\":true,\"valueName\":\"search_term_string\"}}],\"inLanguage\":\"fr-FR\"},{\"@type\":\"Organization\",\"@id\":\"https:\/\/www.mccallumsather.com\/fr\/#organization\",\"name\":\"mcCallumSather\",\"url\":\"https:\/\/www.mccallumsather.com\/fr\/\",\"logo\":{\"@type\":\"ImageObject\",\"inLanguage\":\"fr-FR\",\"@id\":\"https:\/\/www.mccallumsather.com\/fr\/#\/schema\/logo\/image\/\",\"url\":\"https:\/\/www.mccallumsather.com\/wp-content\/uploads\/2024\/06\/cropped-social_media_profile_picture.jpg\",\"contentUrl\":\"https:\/\/www.mccallumsather.com\/wp-content\/uploads\/2024\/06\/cropped-social_media_profile_picture.jpg\",\"width\":180,\"height\":180,\"caption\":\"mcCallumSather\"},\"image\":{\"@id\":\"https:\/\/www.mccallumsather.com\/fr\/#\/schema\/logo\/image\/\"}}]}<\/script>\n<!-- \/ Yoast SEO plugin. -->","yoast_head_json":{"title":"H\u00f4pital r\u00e9gional de r\u00e9adaptation et des l\u00e9sions c\u00e9r\u00e9brales acquises - mcCallumSather","robots":{"index":"index","follow":"follow","max-snippet":"max-snippet:-1","max-image-preview":"max-image-preview:large","max-video-preview":"max-video-preview:-1"},"canonical":"https:\/\/www.mccallumsather.com\/fr\/projects\/hopital-regional-de-readaptation-et-des-lesions-cerebrales-acquises\/","og_locale":"fr_FR","og_type":"article","og_title":"H\u00f4pital r\u00e9gional de r\u00e9adaptation et des l\u00e9sions c\u00e9r\u00e9brales acquises - mcCallumSather","og_description":"Sciences de la sant\u00e9 de Hamilton H\u00f4pital r\u00e9gional de r\u00e9adaptation et des l\u00e9sions c\u00e9r\u00e9brales acquises Opportunit\u00e9 Hamilton Health Sciences agrandissait son campus de l\u2019H\u00f4pital g\u00e9n\u00e9ral d\u2019Hamilton avec un nouvel h\u00f4pital destin\u00e9 \u00e0 fournir des soins sp\u00e9cialis\u00e9s aux patients se r\u00e9tablissant de l\u00e9sions c\u00e9r\u00e9brales acquises et n\u00e9cessitant une r\u00e9adaptation. Face \u00e0 des contraintes financi\u00e8res, l\u2019un des [&hellip;]","og_url":"https:\/\/www.mccallumsather.com\/fr\/projects\/hopital-regional-de-readaptation-et-des-lesions-cerebrales-acquises\/","og_site_name":"mcCallumSather","article_modified_time":"2026-02-17T17:44:42+00:00","og_image":[{"width":2560,"height":1921,"url":"https:\/\/www.mccallumsather.com\/wp-content\/uploads\/2013\/02\/HHS-Rehab-Hosp-2009_006-scaled.jpg","type":"image\/jpeg"}],"twitter_card":"summary_large_image","twitter_misc":{"Dur\u00e9e de lecture estim\u00e9e":"1 minute"},"schema":{"@context":"https:\/\/schema.org","@graph":[{"@type":"WebPage","@id":"https:\/\/www.mccallumsather.com\/fr\/projects\/hopital-regional-de-readaptation-et-des-lesions-cerebrales-acquises\/","url":"https:\/\/www.mccallumsather.com\/fr\/projects\/hopital-regional-de-readaptation-et-des-lesions-cerebrales-acquises\/","name":"H\u00f4pital r\u00e9gional de r\u00e9adaptation et des l\u00e9sions c\u00e9r\u00e9brales acquises - mcCallumSather","isPartOf":{"@id":"https:\/\/www.mccallumsather.com\/fr\/#website"},"primaryImageOfPage":{"@id":"https:\/\/www.mccallumsather.com\/fr\/projects\/hopital-regional-de-readaptation-et-des-lesions-cerebrales-acquises\/#primaryimage"},"image":{"@id":"https:\/\/www.mccallumsather.com\/fr\/projects\/hopital-regional-de-readaptation-et-des-lesions-cerebrales-acquises\/#primaryimage"},"thumbnailUrl":"https:\/\/www.mccallumsather.com\/wp-content\/uploads\/2013\/02\/HHS-Rehab-Hosp-2009_006-scaled.jpg","datePublished":"2013-02-01T20:04:18+00:00","dateModified":"2026-02-17T17:44:42+00:00","breadcrumb":{"@id":"https:\/\/www.mccallumsather.com\/fr\/projects\/hopital-regional-de-readaptation-et-des-lesions-cerebrales-acquises\/#breadcrumb"},"inLanguage":"fr-FR","potentialAction":[{"@type":"ReadAction","target":["https:\/\/www.mccallumsather.com\/fr\/projects\/hopital-regional-de-readaptation-et-des-lesions-cerebrales-acquises\/"]}]},{"@type":"ImageObject","inLanguage":"fr-FR","@id":"https:\/\/www.mccallumsather.com\/fr\/projects\/hopital-regional-de-readaptation-et-des-lesions-cerebrales-acquises\/#primaryimage","url":"https:\/\/www.mccallumsather.com\/wp-content\/uploads\/2013\/02\/HHS-Rehab-Hosp-2009_006-scaled.jpg","contentUrl":"https:\/\/www.mccallumsather.com\/wp-content\/uploads\/2013\/02\/HHS-Rehab-Hosp-2009_006-scaled.jpg","width":2560,"height":1921},{"@type":"BreadcrumbList","@id":"https:\/\/www.mccallumsather.com\/fr\/projects\/hopital-regional-de-readaptation-et-des-lesions-cerebrales-acquises\/#breadcrumb","itemListElement":[{"@type":"ListItem","position":1,"name":"Home","item":"https:\/\/www.mccallumsather.com\/fr\/accueil\/"},{"@type":"ListItem","position":2,"name":"H\u00f4pital r\u00e9gional de r\u00e9adaptation et des l\u00e9sions c\u00e9r\u00e9brales acquises"}]},{"@type":"WebSite","@id":"https:\/\/www.mccallumsather.com\/fr\/#website","url":"https:\/\/www.mccallumsather.com\/fr\/","name":"mcCallumSather","description":"","publisher":{"@id":"https:\/\/www.mccallumsather.com\/fr\/#organization"},"potentialAction":[{"@type":"SearchAction","target":{"@type":"EntryPoint","urlTemplate":"https:\/\/www.mccallumsather.com\/fr\/?s={search_term_string}"},"query-input":{"@type":"PropertyValueSpecification","valueRequired":true,"valueName":"search_term_string"}}],"inLanguage":"fr-FR"},{"@type":"Organization","@id":"https:\/\/www.mccallumsather.com\/fr\/#organization","name":"mcCallumSather","url":"https:\/\/www.mccallumsather.com\/fr\/","logo":{"@type":"ImageObject","inLanguage":"fr-FR","@id":"https:\/\/www.mccallumsather.com\/fr\/#\/schema\/logo\/image\/","url":"https:\/\/www.mccallumsather.com\/wp-content\/uploads\/2024\/06\/cropped-social_media_profile_picture.jpg","contentUrl":"https:\/\/www.mccallumsather.com\/wp-content\/uploads\/2024\/06\/cropped-social_media_profile_picture.jpg","width":180,"height":180,"caption":"mcCallumSather"},"image":{"@id":"https:\/\/www.mccallumsather.com\/fr\/#\/schema\/logo\/image\/"}}]}},"featured_image_url":"https:\/\/www.mccallumsather.com\/wp-content\/uploads\/2013\/02\/HHS-Rehab-Hosp-2009_006-740x600.jpg","_links":{"self":[{"href":"https:\/\/www.mccallumsather.com\/fr\/wp-json\/wp\/v2\/project\/9747","targetHints":{"allow":["GET"]}}],"collection":[{"href":"https:\/\/www.mccallumsather.com\/fr\/wp-json\/wp\/v2\/project"}],"about":[{"href":"https:\/\/www.mccallumsather.com\/fr\/wp-json\/wp\/v2\/types\/project"}],"version-history":[{"count":4,"href":"https:\/\/www.mccallumsather.com\/fr\/wp-json\/wp\/v2\/project\/9747\/revisions"}],"predecessor-version":[{"id":10382,"href":"https:\/\/www.mccallumsather.com\/fr\/wp-json\/wp\/v2\/project\/9747\/revisions\/10382"}],"wp:featuredmedia":[{"embeddable":true,"href":"https:\/\/www.mccallumsather.com\/fr\/wp-json\/wp\/v2\/media\/9748"}],"wp:attachment":[{"href":"https:\/\/www.mccallumsather.com\/fr\/wp-json\/wp\/v2\/media?parent=9747"}],"wp:term":[{"taxonomy":"category","embeddable":true,"href":"https:\/\/www.mccallumsather.com\/fr\/wp-json\/wp\/v2\/categories?post=9747"},{"taxonomy":"post_tag","embeddable":true,"href":"https:\/\/www.mccallumsather.com\/fr\/wp-json\/wp\/v2\/tags?post=9747"}],"curies":[{"name":"wp","href":"https:\/\/api.w.org\/{rel}","templated":true}]}}